{"version":"1.0","provider_name":"Grado de Inge Inform\u00e1tica","provider_url":"https:\/\/blogs.udima.es\/ingenieria-informatica","author_name":"Javier Bravo Agapito","author_url":"https:\/\/blogs.udima.es\/ingenieria-informatica\/author\/javier-bravo\/","title":"Mobile World Congress - Blog de Inform\u00e1tica","type":"rich","width":600,"height":338,"html":"<blockquote class=\"wp-embedded-content\" data-secret=\"Tgkt9Gub07\"><a href=\"https:\/\/blogs.udima.es\/ingenieria-informatica\/mobile-world-congress\/\">Mobile World Congress<\/a><\/blockquote><iframe sandbox=\"allow-scripts\" security=\"restricted\" src=\"https:\/\/blogs.udima.es\/ingenieria-informatica\/mobile-world-congress\/embed\/#?secret=Tgkt9Gub07\" width=\"600\" height=\"338\" title=\"\u00abMobile World Congress\u00bb \u2014 Grado de Inge Inform\u00e1tica\" data-secret=\"Tgkt9Gub07\" frameborder=\"0\" marginwidth=\"0\" marginheight=\"0\" scrolling=\"no\" class=\"wp-embedded-content\"><\/iframe><script type=\"text\/javascript\">\n\/* <![CDATA[ *\/\n\/*! This file is auto-generated *\/\n!function(d,l){\"use strict\";l.querySelector&&d.addEventListener&&\"undefined\"!=typeof URL&&(d.wp=d.wp||{},d.wp.receiveEmbedMessage||(d.wp.receiveEmbedMessage=function(e){var t=e.data;if((t||t.secret||t.message||t.value)&&!\/[^a-zA-Z0-9]\/.test(t.secret)){for(var s,r,n,a=l.querySelectorAll('iframe[data-secret=\"'+t.secret+'\"]'),o=l.querySelectorAll('blockquote[data-secret=\"'+t.secret+'\"]'),c=new RegExp(\"^https?:$\",\"i\"),i=0;i<o.length;i++)o[i].style.display=\"none\";for(i=0;i<a.length;i++)s=a[i],e.source===s.contentWindow&&(s.removeAttribute(\"style\"),\"height\"===t.message?(1e3<(r=parseInt(t.value,10))?r=1e3:~~r<200&&(r=200),s.height=r):\"link\"===t.message&&(r=new URL(s.getAttribute(\"src\")),n=new URL(t.value),c.test(n.protocol))&&n.host===r.host&&l.activeElement===s&&(d.top.location.href=t.value))}},d.addEventListener(\"message\",d.wp.receiveEmbedMessage,!1),l.addEventListener(\"DOMContentLoaded\",function(){for(var e,t,s=l.querySelectorAll(\"iframe.wp-embedded-content\"),r=0;r<s.length;r++)(t=(e=s[r]).getAttribute(\"data-secret\"))||(t=Math.random().toString(36).substring(2,12),e.src+=\"#?secret=\"+t,e.setAttribute(\"data-secret\",t)),e.contentWindow.postMessage({message:\"ready\",secret:t},\"*\")},!1)))}(window,document);\n\/* ]]> *\/\n<\/script>\n","thumbnail_url":"https:\/\/blogs.udima.es\/ingenieria-informatica\/wp-content\/uploads\/Gen\u00e9rico_Inform\u00e1tica_con_logo-I.jpg","thumbnail_width":2044,"thumbnail_height":1471,"description":"Los d\u00edas 14 a 17 de febrero se celebrar\u00e1 en Barcelona el Mobile World Congress. El a\u00f1o pasado este\u00a0 evento congreg\u00f3 a m\u00e1s de 49000 personas. Actualmente el Mobile World Congress es la m\u00e1xima referencia para la industria \u00abm\u00f3vil\u00bb. Se espera que en este gran evento participen 50000 directivos de compa\u00f1\u00edas provenientes de una gran [&hellip;]"}